{"id":2165,"date":"2026-04-30T10:24:37","date_gmt":"2026-04-30T08:24:37","guid":{"rendered":"https:\/\/www.langenachtderpartizipation.at\/?portfolio=servicestelle-dialogische-buergerbeteiligung"},"modified":"2026-04-30T10:24:37","modified_gmt":"2026-04-30T08:24:37","slug":"servicestelle-dialogische-buergerbeteiligung","status":"publish","type":"portfolio","link":"https:\/\/www.langenachtderpartizipation.at\/?portfolio=servicestelle-dialogische-buergerbeteiligung","title":{"rendered":"Servicestelle Dialogische B\u00fcrgerbeteiligung"},"content":{"rendered":"\n<p><strong>Organisation: <\/strong>Servicestelle Dialogische B\u00fcrgerbeteiligung Baden-W\u00fcrttemberg<\/p>\n\n\n\n<p>W\u00fcrttemberg unterst\u00fctzt Kommunen und Beh\u00f6rden im Land bei der Konzeption und Durchf\u00fchrung von Dialogischer B\u00fcrgerbeteiligung. Als Kompetenzzentrum beraten wir die \u00f6ffentliche Hand in Sachen B\u00fcrgerbeteiligung und helfen passende Prozessdesigns f\u00fcr Beteiligungsvorhaben zu entwickeln. Aufgabe der Servicestelle ist es als Anstalt des \u00f6ffentlichen Rechts die \u201eunmittelbare Staatsverwaltung\u201c zu entlasten und zu unterst\u00fctzen. Dazu nehmen wir den Kommunen vor allem auch die Ausschreibungen und die Dienstleistersteuerung ab, um m\u00f6glichst passende und funktionale B\u00fcrgerbeteiligungsprozesse zu erm\u00f6glichen. Gerne berichten wir \u00fcber die Erfahrungen der zur\u00fcckliegenden 2,5 Jahre und geben Einblicke in unsere Beratungspraxis.<\/p>\n\n\n\n<p><strong>Schlagworte: <\/strong>Kommunen und Beh\u00f6rden<\/p>\n\n\n\n<p><\/p>\n\n","protected":false},"excerpt":{"rendered":"<p>Organisation: Servicestelle Dialogische B\u00fcrgerbeteiligung Baden-W\u00fcrttemberg W\u00fcrttemberg unterst\u00fctzt Kommunen und Beh\u00f6rden im Land bei der Konzeption und Durchf\u00fchrung von Dialogischer B\u00fcrgerbeteiligung. Als Kompetenzzentrum beraten wir die \u00f6ffentliche Hand in Sachen B\u00fcrgerbeteiligung und helfen passende Prozessdesigns f\u00fcr Beteiligungsvorhaben zu entwickeln. Aufgabe der Servicestelle ist es als Anstalt des \u00f6ffentlichen Rechts die \u201eunmittelbare Staatsverwaltung\u201c zu entlasten und zu [&hellip;]<\/p>\n","protected":false},"featured_media":2164,"template":"","meta":{"site-sidebar-layout":"default","site-content-layout":"","ast-site-content-layout":"default","site-content-style":"default","site-sidebar-style":"default","ast-global-header-display":"","ast-banner-title-visibility":"","ast-main-header-display":"","ast-hfb-above-header-display":"","ast-hfb-below-header-display":"","ast-hfb-mobile-header-display":"","site-post-title":"","ast-breadcrumbs-content":"","ast-featured-img":"","footer-sml-layout":"","ast-disable-related-posts":"","theme-transparent-header-meta":"","adv-header-id-meta":"","stick-header-meta":"","header-above-stick-meta":"","header-main-stick-meta":"","header-below-stick-meta":"","astra-migrate-meta-layouts":"default","ast-page-background-enabled":"default","ast-page-background-meta":{"desktop":{"background-color":"","background-image":"","background-repeat":"repeat","background-position":"center center","background-size":"auto","background-attachment":"scroll","background-type":"","background-media":"","overlay-type":"","overlay-color":"","overlay-opacity":"","overlay-gradient":""},"tablet":{"background-color":"","background-image":"","background-repeat":"repeat","background-position":"center center","background-size":"auto","background-attachment":"scroll","background-type":"","background-media":"","overlay-type":"","overlay-color":"","overlay-opacity":"","overlay-gradient":""},"mobile":{"background-color":"","background-image":"","background-repeat":"repeat","background-position":"center center","background-size":"auto","background-attachment":"scroll","background-type":"","background-media":"","overlay-type":"","overlay-color":"","overlay-opacity":"","overlay-gradient":""}},"ast-content-background-meta":{"desktop":{"background-color":"var(--ast-global-color-5)","background-image":"","background-repeat":"repeat","background-position":"center center","background-size":"auto","background-attachment":"scroll","background-type":"","background-media":"","overlay-type":"","overlay-color":"","overlay-opacity":"","overlay-gradient":""},"tablet":{"background-color":"var(--ast-global-color-5)","background-image":"","background-repeat":"repeat","background-position":"center center","background-size":"auto","background-attachment":"scroll","background-type":"","background-media":"","overlay-type":"","overlay-color":"","overlay-opacity":"","overlay-gradient":""},"mobile":{"background-color":"var(--ast-global-color-5)","background-image":"","background-repeat":"repeat","background-position":"center center","background-size":"auto","background-attachment":"scroll","background-type":"","background-media":"","overlay-type":"","overlay-color":"","overlay-opacity":"","overlay-gradient":""}}},"tags":[],"project_type":[17],"class_list":["post-2165","portfolio","type-portfolio","status-publish","has-post-thumbnail","hentry","project_type-17"],"_links":{"self":[{"href":"https:\/\/www.langenachtderpartizipation.at\/index.php?rest_route=\/wp\/v2\/portfolio\/2165","targetHints":{"allow":["GET"]}}],"collection":[{"href":"https:\/\/www.langenachtderpartizipation.at\/index.php?rest_route=\/wp\/v2\/portfolio"}],"about":[{"href":"https:\/\/www.langenachtderpartizipation.at\/index.php?rest_route=\/wp\/v2\/types\/portfolio"}],"wp:featuredmedia":[{"embeddable":true,"href":"https:\/\/www.langenachtderpartizipation.at\/index.php?rest_route=\/wp\/v2\/media\/2164"}],"wp:attachment":[{"href":"https:\/\/www.langenachtderpartizipation.at\/index.php?rest_route=%2Fwp%2Fv2%2Fmedia&parent=2165"}],"wp:term":[{"taxonomy":"post_tag","embeddable":true,"href":"https:\/\/www.langenachtderpartizipation.at\/index.php?rest_route=%2Fwp%2Fv2%2Ftags&post=2165"},{"taxonomy":"project_type","embeddable":true,"href":"https:\/\/www.langenachtderpartizipation.at\/index.php?rest_route=%2Fwp%2Fv2%2Fproject_type&post=2165"}],"curies":[{"name":"wp","href":"https:\/\/api.w.org\/{rel}","templated":true}]}}